{"id":2230,"date":"2020-05-10T23:38:30","date_gmt":"2020-05-10T23:38:30","guid":{"rendered":"https:\/\/aeamc.edu.pt\/wp\/?page_id=2230"},"modified":"2026-01-14T10:56:41","modified_gmt":"2026-01-14T10:56:41","slug":"acao-social-escolar-2026","status":"publish","type":"page","link":"https:\/\/aeamc.edu.pt\/wp\/acao-social-escolar-2026\/","title":{"rendered":"A\u00e7\u00e3o Social Escolar"},"content":{"rendered":"\n<h2 class=\"wp-block-heading\">Ano Econ\u00f3mico de 2026<\/h2>\n\n\n\n<p>Avisam-se os Encarregados de Educa\u00e7\u00e3o dos alunos interessados em candidatar-se ao <strong>Subs\u00eddio Escolar<\/strong> para alunos do <strong>Pr\u00e9-Escolar<\/strong>, <strong>1.\u00ba, 2.\u00ba, 3.\u00ba Ciclos e Secund\u00e1rio<\/strong>, de que o prazo decorre no per\u00edodo compreendido entre <strong>14 de janeiro a 13 de mar\u00e7o de 2026<\/strong>, mediante a entrega, nos Servi\u00e7os Administrativos do Agrupamento, do boletim de candidatura devidamente preenchido, acompanhado da declara\u00e7\u00e3o de escal\u00e3o de abono de fam\u00edlia emitida pela Seguran\u00e7a Social.<\/p>\n\n\n\n<p>Nos casos em que a declara\u00e7\u00e3o do escal\u00e3o de abono de fam\u00edlia se enquadre no <strong>2.\u00ba escal\u00e3o e se estiver desempregado h\u00e1 mais de 3 meses no corrente ano<\/strong>, na data que efetuar a inscri\u00e7\u00e3o do(s) elemento(s) do agregado familiar, dever\u00e1 ser apresentada uma <strong>declara\u00e7\u00e3o comprovativa da situa\u00e7\u00e3o por parte do Instituto de Emprego e Forma\u00e7\u00e3o Profissional<\/strong>, bem como, <strong>uma declara\u00e7\u00e3o da seguran\u00e7a social<\/strong>, com a indica\u00e7\u00e3o se beneficia, bem como, o respetivo valor correspondente \u00e0 presta\u00e7\u00e3o social.<\/p>\n\n\n\n<p><strong>Nota: <\/strong>Os Boletins de Candidatura encontram-se dispon\u00edveis no site do Agrupamento.<br><\/p>\n\n\n\n<p>Consultar aqui o <a href=\"https:\/\/drive.google.com\/file\/d\/1PeqWA2pdO7okMUZwt0Z0w-x5AEyZMU8o\/view?usp=sharing\">Aviso A\u00e7\u00e3o Social Escolar<\/a><a href=\"https:\/\/drive.google.com\/file\/d\/11gdzz91Gg_Z43hNUyPDlpbpgyDLyiWTO\/view?usp=sharing\">.<\/a><\/p>\n\n\n\n<p>NOTA: Poder\u00e3o aceder aos requerimentos, em suporte digital, nos links seguintes: <br><a href=\"https:\/\/docs.google.com\/document\/d\/1_tzt8IXJczK3UdViSIPrAxj1VzM4_OmC\/edit?usp=sharing&amp;ouid=110110055065492549630&amp;rtpof=true&amp;sd=true\">Requerimento A\u00e7\u00e3o Social Escolar Educa\u00e7\u00e3o Pr\u00e9-escolar<\/a>; <a href=\"https:\/\/drive.google.com\/file\/d\/1s3MFTLbslnaYAD3PhqxrQ_56m6PrkjK_\/view?usp=drive_link\"><br><\/a><a href=\"https:\/\/docs.google.com\/document\/d\/1xEyu_qN7M7tG8iRhQfvACX6ck1Jpk4RC\/edit?usp=sharing&amp;ouid=110110055065492549630&amp;rtpof=true&amp;sd=true\">Requerimento A\u00e7\u00e3o Social Escolar 1\u00ba Ciclo<\/a>; <br><a href=\"https:\/\/docs.google.com\/document\/d\/1XPfgRfxhxW0GO0m0ik9_ohc74KwhpHP7\/edit?usp=sharing&amp;ouid=110110055065492549630&amp;rtpof=true&amp;sd=true\">Requerimento A\u00e7\u00e3o Social Escolar 2\u00ba e 3\u00ba Ciclos<\/a>.<br><\/p>\n","protected":false},"excerpt":{"rendered":"<p>Ano Econ\u00f3mico de 2026 Avisam-se os Encarregados de Educa\u00e7\u00e3o dos alunos interessados em candidatar-se ao Subs\u00eddio Escolar para alunos do Pr\u00e9-Escolar, 1.\u00ba, 2.\u00ba, 3.\u00ba Ciclos e Secund\u00e1rio, de que o prazo decorre no per\u00edodo compreendido entre 14 de janeiro a 13 de mar\u00e7o de 2026,&hellip;<\/p>\n","protected":false},"author":1,"featured_media":0,"parent":0,"menu_order":0,"comment_status":"closed","ping_status":"closed","template":"","meta":{"footnotes":""},"class_list":["post-2230","page","type-page","status-publish","hentry"],"_links":{"self":[{"href":"https:\/\/aeamc.edu.pt\/wp\/wp-json\/wp\/v2\/pages\/2230","targetHints":{"allow":["GET"]}}],"collection":[{"href":"https:\/\/aeamc.edu.pt\/wp\/wp-json\/wp\/v2\/pages"}],"about":[{"href":"https:\/\/aeamc.edu.pt\/wp\/wp-json\/wp\/v2\/types\/page"}],"author":[{"embeddable":true,"href":"https:\/\/aeamc.edu.pt\/wp\/wp-json\/wp\/v2\/users\/1"}],"replies":[{"embeddable":true,"href":"https:\/\/aeamc.edu.pt\/wp\/wp-json\/wp\/v2\/comments?post=2230"}],"version-history":[{"count":20,"href":"https:\/\/aeamc.edu.pt\/wp\/wp-json\/wp\/v2\/pages\/2230\/revisions"}],"predecessor-version":[{"id":8973,"href":"https:\/\/aeamc.edu.pt\/wp\/wp-json\/wp\/v2\/pages\/2230\/revisions\/8973"}],"wp:attachment":[{"href":"https:\/\/aeamc.edu.pt\/wp\/wp-json\/wp\/v2\/media?parent=2230"}],"curies":[{"name":"wp","href":"https:\/\/api.w.org\/{rel}","templated":true}]}}